{"id":1071,"date":"2017-10-05T13:21:54","date_gmt":"2017-10-05T11:21:54","guid":{"rendered":"http:\/\/www.autismus-niedersachsen.de\/?page_id=1071"},"modified":"2025-11-19T22:56:22","modified_gmt":"2025-11-19T20:56:22","slug":"2017-fachtagung-hannover","status":"publish","type":"page","link":"https:\/\/www.autismus-niedersachsen.de\/?page_id=1071","title":{"rendered":"2017 Fachtagung Hannover"},"content":{"rendered":"<p><strong>Fachtag \u201eAutismus und Arbeit in Niedersachsen\u201c<br \/>\nveranstaltet vom Annastift BBW und Salo und Partner<br \/>\nin Kooperation mit ZAK Hannover und der<br \/>\nLandesarbeitsgemeinschaft Autismus Niedersachsen<br \/>\n<\/strong><\/p>\n<p><strong>Donnerstag, 28.September 2017, 9.30-16.00 Uhr<br \/>\nim BBW Annastift, W\u00fclfeler Str. 60, 30539 Hannover<\/strong><\/p>\n<p>&nbsp;<\/p>\n<p>Gru\u00dfworte<\/p>\n<p>Regine Kramarek, B\u00fcrgermeisterin der Landeshauptstadt Hannover<br \/>\nGerhard Emmermacher, Fachbereichsleiter Gesundheitsdienst, Diakovere<br \/>\nThomas L\u00f6prich, Landesarbeitsgemeinschaft (LAG) Autismus Niedersachsen<\/p>\n<p>&nbsp;<\/p>\n<p>Nur Mut! Warum AutistInnen gute ArbeitnehmerInnen sind<br \/>\nClaudia Plehwe-R\u00fchling, Leiterin der Autismusambulanz Triangel<\/p>\n<p><a href=\"http:\/\/www.autismus-niedersachsen.de\/wp-content\/uploads\/2017\/10\/PLEHWE-Beratung-f\u00fcr-Arbeitgeber-des-ersten-Arbeitsmarktes.pdf\">PLEHWE Beratung f\u00fcr Arbeitgeber des ersten Arbeitsmarktes<\/a><\/p>\n<p>&nbsp;<\/p>\n<p>Arbeitsm\u00f6glichkeiten f\u00fcr AutistInnen &#8211; Vorstellung der LAG Brosch\u00fcre<br \/>\nMichael Schmitz, Niederlassungsleiter Salo Hannover f\u00fcr die LAG<\/p>\n<p><a href=\"http:\/\/www.autismus-niedersachsen.de\/wp-content\/uploads\/2017\/10\/SCHMITZ-2017-09-LAG-Brosch\u00fcre-Arbeit.pdf\">SCHMITZ 2017-09 LAG Brosch\u00fcre Arbeit<\/a><\/p>\n<p><a href=\"http:\/\/www.autismus-niedersachsen.de\/wp-content\/uploads\/2015\/11\/LAG-Niedersachsen-Brosch\u00fcre-Besch\u00e4ftigung-Autismus-2015.pdf\">LAG Niedersachsen Brosch\u00fcre Besch\u00e4ftigung Autismus <\/a><\/p>\n<p>&nbsp;<\/p>\n<p>Autistische Menschen auf dem Arbeitsmarkt<br \/>\nHajo Seng, AutWorker, autsocial e.V., Hamburg<\/p>\n<p><a href=\"http:\/\/www.autismus-niedersachsen.de\/wp-content\/uploads\/2017\/10\/SENG-asperger-arbeitsmarkt.pdf\">SENG asperger-arbeitsmarkt<\/a><\/p>\n<p>&nbsp;<\/p>\n<p>F\u00f6rderm\u00f6glichkeiten f\u00fcr Arbeitgeber<br \/>\nSebastian Kriebler, Teamleiter gemeinsamer Arbeitgeberservice<br \/>\nJ\u00fcrgen Potthoff, Bundesagentur f\u00fcr Arbeit, Teamleiter berufliche Rehabilitation<\/p>\n<p><a href=\"http:\/\/www.autismus-niedersachsen.de\/wp-content\/uploads\/2017\/10\/KRIEBLER-Pr\u00e4sentation-F\u00f6rderm\u00f6glichkeiten-AGS-28.09.2017.pdf\">KRIEBLER Pr\u00e4sentation F\u00f6rderm\u00f6glichkeiten AGS &#8211; 28.09.2017<\/a><\/p>\n<p><a href=\"http:\/\/www.autismus-niedersachsen.de\/wp-content\/uploads\/2017\/10\/POTTHOFF-Pr\u00e4sentation-F\u00f6rderm\u00f6glichkeiten-am-\u00dcbergang-Schule-Beruf.pdf\">POTTHOFF Pr\u00e4sentation F\u00f6rderm\u00f6glichkeiten am \u00dcbergang &#8211; Schule Beruf<\/a><\/p>\n<p>&nbsp;<\/p>\n<p>Ausbildungsvarianten und Nachteilsausgleich w\u00e4hrend der Ausbildung<br \/>\nAlmut Peters, Inklusionsbeauftragte der Handwerkskammer Hannover<\/p>\n<p><a href=\"http:\/\/www.autismus-niedersachsen.de\/wp-content\/uploads\/2017\/10\/PETERS-Pr\u00e4sentation-Veranstaltung-DIAKOVERE-28.09.17.pdf\">PETERS Pr\u00e4sentation Veranstaltung DIAKOVERE 28.09.17<\/a><\/p>\n<p>&nbsp;<\/p>\n<p>&nbsp;<\/p>\n","protected":false},"excerpt":{"rendered":"<p>Fachtag \u201eAutismus und Arbeit in Niedersachsen\u201c veranstaltet vom Annastift BBW und Salo und Partner in Kooperation mit ZAK Hannover und der Landesarbeitsgemeinschaft Autismus Niedersachsen Donnerstag, 28.September 2017, 9.30-16.00 Uhr im BBW Annastift, W\u00fclfeler Str. 60, 30539 Hannover &nbsp; Gru\u00dfworte Regine Kramarek, B\u00fcrgermeisterin der Landeshauptstadt Hannover Gerhard Emmermacher, Fachbereichsleiter Gesundheitsdienst, Diakovere<\/p>\n","protected":false},"author":1,"featured_media":0,"parent":32,"menu_order":2,"comment_status":"closed","ping_status":"closed","template":"","meta":{"footnotes":"","_links_to":"","_links_to_target":""},"class_list":["post-1071","page","type-page","status-publish","hentry"],"_links":{"self":[{"href":"https:\/\/www.autismus-niedersachsen.de\/index.php?rest_route=\/wp\/v2\/pages\/1071","targetHints":{"allow":["GET"]}}],"collection":[{"href":"https:\/\/www.autismus-niedersachsen.de\/index.php?rest_route=\/wp\/v2\/pages"}],"about":[{"href":"https:\/\/www.autismus-niedersachsen.de\/index.php?rest_route=\/wp\/v2\/types\/page"}],"author":[{"embeddable":true,"href":"https:\/\/www.autismus-niedersachsen.de\/index.php?rest_route=\/wp\/v2\/users\/1"}],"replies":[{"embeddable":true,"href":"https:\/\/www.autismus-niedersachsen.de\/index.php?rest_route=%2Fwp%2Fv2%2Fcomments&post=1071"}],"version-history":[{"count":8,"href":"https:\/\/www.autismus-niedersachsen.de\/index.php?rest_route=\/wp\/v2\/pages\/1071\/revisions"}],"predecessor-version":[{"id":1400,"href":"https:\/\/www.autismus-niedersachsen.de\/index.php?rest_route=\/wp\/v2\/pages\/1071\/revisions\/1400"}],"up":[{"embeddable":true,"href":"https:\/\/www.autismus-niedersachsen.de\/index.php?rest_route=\/wp\/v2\/pages\/32"}],"wp:attachment":[{"href":"https:\/\/www.autismus-niedersachsen.de\/index.php?rest_route=%2Fwp%2Fv2%2Fmedia&parent=1071"}],"curies":[{"name":"wp","href":"https:\/\/api.w.org\/{rel}","templated":true}]}}