{"id":375,"date":"2015-03-10T19:07:35","date_gmt":"2015-03-10T17:07:35","guid":{"rendered":"http:\/\/www.autismus-niedersachsen.de\/?page_id=375"},"modified":"2025-11-19T22:59:36","modified_gmt":"2025-11-19T20:59:36","slug":"externe-links","status":"publish","type":"page","link":"https:\/\/www.autismus-niedersachsen.de\/?page_id=375","title":{"rendered":"Externe Links"},"content":{"rendered":"<p><strong>Externe Links zum Thema Autismus und Besch\u00e4ftigung:<\/strong><\/p>\n<p>&nbsp;<\/p>\n<p>Die hier aufgef\u00fchrten Einrichtungen stellen keine Empfehlungen der LAG Autismus Niedersachsen dar. Die Aufz\u00e4hlung erhebt nicht\u00a0 den Anspruch auf Vollst\u00e4ndigkeit.<\/p>\n<p>&nbsp;<\/p>\n<p><strong>Projekte zur Eingliederung von Menschen mit Autismus:<\/strong><\/p>\n<ul>\n<li><a href=\"https:\/\/www.salo-partner.de\/fuer-menschen-mit-autismus\/\">AuReA Neum\u00fcnster<\/a><\/li>\n<li><a href=\"http:\/\/www.autista-heilbronn.de\">Autista Heilbronn<\/a><\/li>\n<li><a href=\"http:\/\/www.stiftung.attl.de\/\">AUTWERK Stiftung Attl<\/a><\/li>\n<li><a href=\"http:\/\/www.autworker.de\">AUTWORKER<\/a><\/li>\n<li><a href=\"http:\/\/www.auticon.de\">auticon<\/a><\/li>\n<li><a href=\"http:\/\/www.m-aut.de\">MAut M\u00fcnchen\u00a0<\/a><\/li>\n<li><a href=\"http:\/\/www.lebenshilfe-giessen.de\/wohnen_arbeiten_freizeit\/arbeiten\/tagesfoerderstaetten\/prosa\/\">PROSA Gie\u00dfen<\/a><\/li>\n<li><a href=\"http:\/\/www.lavie-reha.de\">Lavie gGmbH<\/a><\/li>\n<li><a href=\"http:\/\/www.gemeinsamleben-hessen.de\/\">LAG Hessen &#8222;Gemeinsam leben &#8211; gemeinsam lernen e.V&#8220;<\/a><\/li>\n<\/ul>\n<p><strong>\u00a0<\/strong><\/p>\n<p><strong>Berufsbildungswerke f\u00fcr Menschen mit Autismus:<\/strong><\/p>\n<ul>\n<li><a href=\"http:\/\/www.bbw-abensberg.de\/\">Berufsbildungswerk Abensberg<\/a><\/li>\n<li><a href=\"http:\/\/www.cjd-dortmund.de\/berufsbildungswerk\/\">Berufsbildungswerk Dortmund<\/a><\/li>\n<li><a href=\"http:\/\/www.bbw-greifswald.de\">Berufsbildungswerk Greifswald<\/a><\/li>\n<li><a href=\"http:\/\/www.bbw-suedhessen.de\">Berufsbildungswerk S\u00fcdhessen<\/a><\/li>\n<li><a href=\"http:\/\/www.bugenhagen.de\/#autismus\">Berufsbildungswerk Bugenhagen &#8211; Timmendorfer Strand<\/a><\/li>\n<li><a href=\"http:\/\/www.tsbw.de\">Berufsbildungswerk Husum<\/a><\/li>\n<li><a href=\"http:\/\/www.bbw-oberlinhaus-potsdam.de\">Berufsbildungswerk Oberlinhaus<\/a><\/li>\n<li><a href=\"http:\/\/www.bbw-rv.de\">Berufsbildungswerk Ravensburg<\/a><\/li>\n<li><a href=\"http:\/\/www.gemeinsam-vielfalt-leben.de\/\">Berufsbildungswerk Lingen<\/a><\/li>\n<\/ul>\n<p><strong>\u00a0<\/strong><\/p>\n<p><strong>Informationen zum Thema Autismus und Besch\u00e4ftigung:<\/strong><\/p>\n<p>Beitr\u00e4ge des Forums &#8222;\u00dcbergang Schule-Beruf&#8220; der Bundesarbeitsgemeinschaft &#8222;Unterst\u00fctzte Besch\u00e4ftigung&#8220; e. V. k\u00f6nnen Sie unter folgendem externen Link herunterladen:<br \/>\n<a href=\"http:\/\/www.bag-ub.de\">Bundesarbeitsgemeinschaft &#8222;Unterst\u00fctzte Besch\u00e4ftigung&#8220;<\/a><\/p>\n<p>&nbsp;<\/p>\n<p><strong>&#8222;Berufliche Qualifizierung vom Menschen mit Autismus<br \/>\nim Berufsbildungswerk St. Franziskus Abensberg&#8220;<\/strong><\/p>\n<p>Frank Baumgartner; Berufsbildungswerk St. Franziskus<br \/>\nInternet: <a href=\"http:\/\/www.bbw-abensberg.de\">www.bbw-abensberg.de<\/a><\/p>\n<p>&nbsp;<\/p>\n<p><strong>&#8222;Die Rolle der Integrationsfachdienste (IFD)<br \/>\nbei der beruflichen Eingliederung von Menschen mit Autismus&#8220;<\/strong><\/p>\n<p>Andreas Backhaus, Claudia Homrighausen<br \/>\nIFD gGmbH Mittelfranken (Hauptsitz N\u00fcrnberg)<br \/>\nInternet: <a href=\"http:\/\/www.ifd-ggmbh.de\">www.ifd-ggmbh.de<\/a><\/p>\n<p>&nbsp;<\/p>\n<p><strong>Weitere Informationen und Veranstaltungen<br \/>\nzum Thema Autismus und Besch\u00e4ftigung:<\/strong><\/p>\n<ul>\n<li><a href=\"http:\/\/www.einzigartig-eigenartig.de\">einzigartig-eigenartig e. V. Walsrode\u00a0<\/a><\/li>\n<li><a href=\"http:\/\/www.dr-brita-schirmer.de\/artikel02.html\">Dr. Brita Schirmer, Berlin<\/a><\/li>\n<li><a href=\"http:\/\/www.specialisterne.dk\">Specialisterne D\u00e4nemark<\/a><\/li>\n<li><a href=\"http:\/\/www.behindertenbeauftragter-niedersachsen.de\/\">Nieders\u00e4chsischer Landesbeauftragter f\u00fcr Menschen mit Behinderungen<\/a><\/li>\n<li>Prof. Dr. Matthias Dalferth &#8211; Professor f\u00fcr Soziale Arbeit, FH Regensburg<\/li>\n<\/ul>\n<p>&nbsp;<\/p>\n<p><strong>Literaturhinweise:<\/strong><\/p>\n<p>Ver\u00f6ffentlichungen zum Modellprojekt &#8222;Autismus&#8220; des Berufsbildungswerkes St. Franziskus Abensberg, welches vom Bundesministerium f\u00fcr Arbeit und Soziales gef\u00f6rdert wurde, finden Sie unter diesem externen <a href=\"http:\/\/www.bbw-abensberg.de\/\">Link<\/a><strong>.<\/strong><\/p>\n<p>&nbsp;<\/p>\n<p><strong>Auszug aus der Publikationsliste des <a href=\"http:\/\/www.bbw-abensberg.de\">BBW St. Franziskus Abensberg<\/a>:<\/strong><\/p>\n<ul>\n<li>Baumgartner F.\/ Dalferth M.\/ Vogel, H. (2009) <a href=\"http:\/\/www.bbw-abensberg.de\">Berufliche Teilhabe f\u00fcr Menschen aus dem autistischen Spektrum<\/a>. Universit\u00e4tsverlag Winter, Heidelberg\u00a0 (f\u00fcr n\u00e4here Informationen dem Link folgen)<\/li>\n<li>\u00a0Baumgartner, F.\/ Dalferth, M.\/ Vogel, H. (2007) Merkblatt zu Leistungen der personellen Unterst\u00fctzung am Arbeitsplatz f\u00fcr Menschen mit Autismus. Berufsbildungswerk St. Franziskus\u00a0(zu beziehen \u00fcber das BBW Abensberg &#8211; Schutzgeb\u00fchr 5 \u20ac )<\/li>\n<li>Baumgartner, F.\/ Dalferth, M.\/ Fr\u00f6mmig, M.\/Vogel, H.\u00a0 Schulfragebogen zur F\u00f6rderung von Rehbilitanden mit autistischen Syndromen-\u00a0 <a href=\"http:\/\/www.autismus-niedersachsen.de\/wp-content\/uploads\/2015\/11\/Schulfragebogen.pdf\">hier<\/a> zum herunterladen<\/li>\n<\/ul>\n<p>&nbsp;<\/p>\n<p>Ver\u00f6ffentlichungen u. a. zum Thema Autismus und Besch\u00e4ftigung finden Sie auch im <a href=\"http:\/\/w3.autismus.de\/pages\/buecher.php\">Literaturshop <\/a>des Bundesverbandes zur F\u00f6rderung von Menschen mit Autismus &#8211; <strong>autismus Deutschland e. V.<\/strong> .<\/p>\n<p>Hier finden Sie unter anderem die Leitlinien &#8222;Arbeit f\u00fcr Menschen mit Autismus in Werkst\u00e4tten&#8220; (2008) oder den Bericht der Arbeitstagung &#8222;Integrierende Arbeitsbegleitung von Menschen mit Autismus&#8220; &#8211; Fulda 1998.<\/p>\n<p>Unter diesem externen <a href=\"http:\/\/w3.autismus.de\/media\/Teilhabe%20am%20Arbeitsleben4.12.09.pdf\">Link<\/a> finden Sie auch einen Vortrag von Herrn Christian Frese, Rechtsassessor und Gesch\u00e4ftsf\u00fchrer des Bundesverbandes <strong>autismus Deutschland e. V. <\/strong>zum Thema: &#8222;Rechtliche Aspekte f\u00fcr Menschen aus dem autistischem Spektrum&#8220; vom 04.12.2009.<\/p>\n<p>Der Bundesverband <strong>autismus Deutschland e. V. <\/strong>veranstaltete am 06.11.2010 in Berlin eine Tagung zum Thema &#8222;Mit Autismus in die Arbeitswelt&#8220;. Die Dokumentation zur Tagung finden Sie unter diesem externen <a href=\"http:\/\/w3.autismus.de\/pages\/weitere-infos\/archiv\/vergangene-tagungen\/mit-autismus-in-die-arbeitswelt-am-6.11.2010.php\">Link<\/a>.<\/p>\n<p>Am Samstag, den 22.01.2011 veranstaltete der Landkreis Harburg eine interdisziplin\u00e4re Fachtagung zum Thema &#8222;Autismus-Spektrum-St\u00f6rung im Alltag&#8220; in Winsen\/Luhe.<br \/>\nEs entstand die Dokumenation zur Veranstaltung u. a. einen Vortrag &#8222;Autismus-Spektrum-St\u00f6rung und Arbeit.<\/p>\n<p>Weitere interessante Informationen zum Thema &#8220; Menschen mit Behinderung im Beruf&#8220; finden Sie auf der Seite der Bundesarbeitsgemeinschaft der Integrations\u00e4mter und Hauptf\u00fcrsorgestellen unter <a href=\"http:\/\/www.integrationsaemter.de\">www.integrationsaemter.de<\/a>, wie zum Beispiel die Handreichung <a href=\"http:\/\/www.autismus-niedersachsen.de\/wp-content\/uploads\/2015\/11\/ZB_Info_02_2007.qxd_.pdf\">&#8222;Behinderte Menschen im Beruf&#8220;<\/a> zum Herunterladen oder eine Ver\u00f6ffentlichung zum Thema &#8222;Autismus &#8211; Ein Thema f\u00fcr Betriebe ?&#8220; in der Zeitschrift ZB &#8222;Behinderte Menschen im Beruf&#8220; Ausgabe 04\/2010 unter diesem externen Link.<\/p>\n<p>Unter diesem externen <a href=\"http:\/\/www.cjd-dortmund.de\/aktuelles\/detailansicht\/news\/detail\/News\/fachtagung-autismus-und-berufsbildung-voller-erfolg\/ch\/4cee3fb0c89e9326a72bb2215c9b62dd\/\">Link<\/a> finden Sie die Fachbeitr\u00e4ge der ersten Fachtagung zum Thema &#8222;Autismus und Berufsbildung &#8211; Chancen f\u00fcr Jugendliche mit Autismus-Spektrumst\u00f6rungen&#8220; am 12.03.2012 im CJD Dortmund.<\/p>\n<p>&nbsp;<\/p>\n<p><strong>Ergebnisse einer Erhebung zur Teilhabe<br \/>\nan Arbeit f\u00fcr Menschen mit Autismus in der WfbM<\/strong><\/p>\n<p>&#8222;M\u00f6glichkeiten der Teilhabe an Arbeit f\u00fcr Menschen mit Autismus in Werkst\u00e4tten f\u00fcr Menschen mit Behinderungen in der Bundesrepublik Deutschland&#8220;<br \/>\nDie Erhebung wurde im Rahmen einer Diplomarbeit an der Ev. Fachhochschule Rheinland-Westfalen-Lippe in Bochum in dem Fachbereich Sozialp\u00e4dagogik im September 2006 erstellt.<br \/>\nDie Autorin, Susanne Weber-Schuhmacher aus Schalksm\u00fchle, ist als Heilp\u00e4dagogin in den M\u00e4rkischen Werkst\u00e4tten f\u00fcr Menschen mit Behinderungen t\u00e4tig und als Abteilungsleiterin f\u00fcr die F\u00f6rderbereiche verantwortlich. Als eigenst\u00e4ndiger Beitrag handelt es sich um die gek\u00fcrzte Fassung eines Teilbereiches der Diplomarbeit.<br \/>\nDen externen Link zur BAG WfbM dazu finden Sie <a href=\"http:\/\/www.bagwfbm.de\/article\/492\">hier<\/a>.<\/p>\n<p>&nbsp;<\/p>\n<p><strong>Handbuch f\u00fcr Mitarbeiterinnen und Mitarbeiter<br \/>\nin der Gemeinsamen Servicestelle f\u00fcr Rehabilitation &#8211; 2. Auflage <\/strong><\/p>\n<p>(Quelle: <a href=\"http:\/\/www.bar-frankfurt.de\">BAR<\/a> &#8211; Bundesarbeitsgemeinschaft f\u00fcr Rehabilitation)<\/p>\n<p>Die erste Auflage des Handbuchs (Stand: 01.07.2008) wurde inzwischen aktualisiert und die zweite Auflage steht jetzt zum Download bereit. Dieses Handbuch richtet sich in erster Linie an Mitarbeiterinnen und Mitarbeiter, die in den Gemeinsamen Servicestellen nach \u00a7\u00a7 22 ff. des Sozialgesetzbuches (SGB) IX t\u00e4tig sind. Es soll bestehende umfassende Lehrb\u00fccher der einzelnen Rechtsgebiete nicht ersetzen, sondern einen \u00dcberblick \u00fcber das Leistungsspektrum aller Leistungstr\u00e4ger nach dem SGB IX geben.<\/p>\n<p>Ein Anspruch auf Vollst\u00e4ndigkeit besteht daher nicht.<\/p>\n<p>In der zweiten Auflage fanden neben gesetzlichen \u00c4nderungen insbesondere die Erfahrungen und R\u00fcckmeldungen aus der Praxis der Gemeinsamen Servicestellen Ber\u00fccksichtigung. Unter anderem wurden Ausf\u00fchrungen \u00fcber die Belange behinderter Frauen, die Integrationsfachdienste und die Selbsthilfe in das Handbuch integriert.<\/p>\n<p>Den externen Link dazu finden Sie hier.<\/p>\n<p><strong>\u00a0<\/strong><\/p>\n<p><strong>Autismus-Forschungs-Kooperation (AFK)<\/strong><\/p>\n<p>Die Autismus-Forschungs-Kooperation (AFK) ist ein Zusammenschluss von autistischen Menschen und Wissenschaftlern des Max-Planck-Instituts f\u00fcr Bildungsforschung und der Freien Universit\u00e4t Berlin. Ziel der seit 2007 bestehenden AFK ist es, erstmalig Fragen gemeinsam zu erforschen, die aus der Perspektive autistischer Erwachsener relevant sind. Ihre Forschungsergebnisse sollen langfristig dazu beitragen, die Lebensqualit\u00e4t von Menschen aus dem Autismusspektrum zu verbessern. <a href=\"http:\/\/www.autismus-forschungs-kooperation.de\/\">www.autismus-forschungs-kooperation.de<\/a><\/p>\n<p><a href=\"http:\/\/www.autismus-forschungs-kooperation.de\/projekte\">Hier<\/a> finden Sie unter anderem eine Studie zu &#8222;Wissen und Vorurteile \u00fcber Autismus im Jobcenter&#8220;.<\/p>\n<p><strong>Europ\u00e4ische Kommission &#8222;Besch\u00e4ftigung, soziale Angelegenheiten und Chancengleichheit&#8220;<\/strong><\/p>\n<p><strong>\u00a0<\/strong><\/p>\n<p><strong>&#8222;Pilotprojekte zur Besch\u00e4ftigung von Menschen mit Autismus-Spektrum-St\u00f6rungen&#8220;<\/strong><\/p>\n<p>Externer Link:<a href=\"http:\/\/ec.europa.eu\/social\/main.jsp?catId=630&amp;langId=de&amp;callId=265&amp;furtherCalls=yes\">http:\/\/ec.europa.eu\/social\/main.jsp?catId=630&amp;langId=de&amp;callId=265&amp;furtherCalls=yes<\/a><\/p>\n<p>&nbsp;<\/p>\n<p><strong>Informationsbrosch\u00fcre &#8222;Autistische Menschen am Arbeitsplatz&#8220; der autWorker e. G. <\/strong>Eine Informationsbrosch\u00fcre f\u00fcr Vorgesetzte und Kollegen\/Kolleginnen finden Sie zum Herunterladen oder zum Bestellen auf der Homepage der autWorker e. G. unter diesem <a href=\"http:\/\/www.autismus.ch\/uploads\/pdfs\/Arbeit\/autWorker_Informationsbroschuere_Autisten_am_Arbeitsplatz_.pdf\">externen Link<\/a>.<\/p>\n","protected":false},"excerpt":{"rendered":"<p>Externe Links zum Thema Autismus und Besch\u00e4ftigung: &nbsp; Die hier aufgef\u00fchrten Einrichtungen stellen keine Empfehlungen der LAG Autismus Niedersachsen dar. Die Aufz\u00e4hlung erhebt nicht\u00a0 den Anspruch auf Vollst\u00e4ndigkeit. &nbsp; Projekte zur Eingliederung von Menschen mit Autismus: AuReA Neum\u00fcnster Autista Heilbronn AUTWERK Stiftung Attl AUTWORKER auticon MAut M\u00fcnchen\u00a0 PROSA Gie\u00dfen Lavie<\/p>\n","protected":false},"author":1,"featured_media":0,"parent":32,"menu_order":2,"comment_status":"closed","ping_status":"closed","template":"","meta":{"footnotes":"","_links_to":"","_links_to_target":""},"class_list":["post-375","page","type-page","status-publish","hentry"],"_links":{"self":[{"href":"https:\/\/www.autismus-niedersachsen.de\/index.php?rest_route=\/wp\/v2\/pages\/375","targetHints":{"allow":["GET"]}}],"collection":[{"href":"https:\/\/www.autismus-niedersachsen.de\/index.php?rest_route=\/wp\/v2\/pages"}],"about":[{"href":"https:\/\/www.autismus-niedersachsen.de\/index.php?rest_route=\/wp\/v2\/types\/page"}],"author":[{"embeddable":true,"href":"https:\/\/www.autismus-niedersachsen.de\/index.php?rest_route=\/wp\/v2\/users\/1"}],"replies":[{"embeddable":true,"href":"https:\/\/www.autismus-niedersachsen.de\/index.php?rest_route=%2Fwp%2Fv2%2Fcomments&post=375"}],"version-history":[{"count":9,"href":"https:\/\/www.autismus-niedersachsen.de\/index.php?rest_route=\/wp\/v2\/pages\/375\/revisions"}],"predecessor-version":[{"id":1410,"href":"https:\/\/www.autismus-niedersachsen.de\/index.php?rest_route=\/wp\/v2\/pages\/375\/revisions\/1410"}],"up":[{"embeddable":true,"href":"https:\/\/www.autismus-niedersachsen.de\/index.php?rest_route=\/wp\/v2\/pages\/32"}],"wp:attachment":[{"href":"https:\/\/www.autismus-niedersachsen.de\/index.php?rest_route=%2Fwp%2Fv2%2Fmedia&parent=375"}],"curies":[{"name":"wp","href":"https:\/\/api.w.org\/{rel}","templated":true}]}}