{"id":784,"date":"2015-11-11T18:56:32","date_gmt":"2015-11-11T16:56:32","guid":{"rendered":"http:\/\/www.autismus-niedersachsen.de\/?page_id=784"},"modified":"2015-11-11T18:58:24","modified_gmt":"2015-11-11T16:58:24","slug":"2015-broschuere-autismus-in-nds","status":"publish","type":"page","link":"https:\/\/www.autismus-niedersachsen.de\/?page_id=784","title":{"rendered":"2015 Brosch\u00fcre Autismus in Nds."},"content":{"rendered":"<p><strong>Zweite Auflage der Brosch\u00fcre der LAG Autismus Niedersachsen \u201eAutismus in Niedersachsen, Leben mit Autismus \u2013 (k)ein Problem?!\u201c \u00a0erschienen<br \/>\n15.4.2015<\/strong><\/p>\n<p><a href=\"http:\/\/www.autismus-niedersachsen.de\/wp-content\/uploads\/2015\/02\/2015-Brosch%C3%BCre-Autismus-2.jpg\"><img loading=\"lazy\" decoding=\"async\" class=\"alignright size-medium wp-image-768\" src=\"http:\/\/www.autismus-niedersachsen.de\/wp-content\/uploads\/2015\/02\/2015-Brosch%C3%BCre-Autismus-2-214x300.jpg\" alt=\"2015 - Brosch\u00fcre Autismus 2\" width=\"214\" height=\"300\" \/><\/a>Erst im Sommer letzten Jahres ist die erste Ausgabe der Informationsbrosch\u00fcre der Landesarbeitsgemeinschaft Autismus Niedersachsen \u201eAutismus in Niedersachsen, Leben mit Autismus \u2013 (k)ein Problem?!\u201c erschienen. Die Nachfrage war sehr gro\u00df, so dass jetzt p\u00fcnktlich zum Weltautismustag am 2.4.2015 eine zweite Auflage erscheint. Die Landesarbeitsgemeinschaft sowie alle Kooperationspartner sind sehr erfreut \u00fcber den Erfolg der Brosch\u00fcre, in der erstmals Angebote und Wege zu Teilhabeleistungen f\u00fcr Menschen mit Autismus in Niedersachsen aufgezeigt werden.<\/p>\n<p>Die Brosch\u00fcre beinhaltet auch in der zweiten Auflage neben den aktuellen Kontaktdaten der Selbsthilfegruppen und Regionalverb\u00e4nde in Niedersachsen vor allem Informationen rund um das Sozialrecht. Es werden Teilhabeleistungen und Optionen f\u00fcr einen Nachteilsausgleich bei Autismus und vieles mehr aufgezeigt. Ebenso werden die verschiedenen Verfahrenswege und die Kostentr\u00e4ger benannt. In der Brosch\u00fcre wird auch die Landesarbeitsgemeinschaft Autismus selbst und die Walsroder Erkl\u00e4rung, die Ende 2013 auf der Autismus-Tagung in Walsrode verabschiedet wurde, vorgestellt.<\/p>\n<p>Die Brosch\u00fcre k\u00f6nnen Sie\u00a0<a href=\"http:\/\/www.autismus-niedersachsen.de\/wp-content\/uploads\/2015\/02\/LAG_Bros_60S_28Jan15.pdf\">hier<\/a> herunterladen.<\/p>\n<p>Es besteht die die M\u00f6glichkeit, die Brosch\u00fcre in Papierform zu beziehen. Sie kann \u00fcber folgende E-Mailadresse kostenfrei bezogen werden:\u00a0versand@einzigartig-eigenartig.de. Bitte geben Sie dabei neben Ihren Kontaktdaten\u00a0 auch die gew\u00fcnschte Anzahl der Exemplare an.<\/p>\n<p>Zur Deckung der Versandkosten bitten wir um eine Spende auf das Konto des Vereins \u201eeinzigartig-eigenartig e. V.\u201c (Konto 2255404 bei der Kreissparkasse Walsrode, BLZ 251 523 75, IBAN: DE712 51523 75000 22554 04 \u2013 BIC: NOLADE21WAL).<\/p>\n<p>Die Spenden zur F\u00f6rderung sind steuerlich abzugsf\u00e4hig, da der Verein \u201eeinzigartig-eigenartig e. V.\u201cals mildt\u00e4tig \u00a0anerkannt ist (Finanzamt Soltau 41\/211\/00394).<\/p>\n<p>Auf Wunsch k\u00f6nnen daf\u00fcr Zuwendungsbest\u00e4tigungen (\u00a750 Abs. 1 EStDV) ausgestellt werden, sofern Sie uns den Zahlungsnachweis und einen an Sie adressierten und frankierten R\u00fcckumschlag zusenden.<\/p>\n","protected":false},"excerpt":{"rendered":"<p>Zweite Auflage der Brosch\u00fcre der LAG Autismus Niedersachsen \u201eAutismus in Niedersachsen, Leben mit Autismus \u2013 (k)ein Problem?!\u201c \u00a0erschienen 15.4.2015 Erst im Sommer letzten Jahres ist die erste Ausgabe der Informationsbrosch\u00fcre der Landesarbeitsgemeinschaft Autismus Niedersachsen \u201eAutismus in Niedersachsen, Leben mit Autismus \u2013 (k)ein Problem?!\u201c erschienen. Die Nachfrage war sehr gro\u00df, so<\/p>\n","protected":false},"author":1,"featured_media":0,"parent":344,"menu_order":6,"comment_status":"closed","ping_status":"closed","template":"","meta":{"footnotes":"","_links_to":"","_links_to_target":""},"class_list":["post-784","page","type-page","status-publish","hentry"],"_links":{"self":[{"href":"https:\/\/www.autismus-niedersachsen.de\/index.php?rest_route=\/wp\/v2\/pages\/784","targetHints":{"allow":["GET"]}}],"collection":[{"href":"https:\/\/www.autismus-niedersachsen.de\/index.php?rest_route=\/wp\/v2\/pages"}],"about":[{"href":"https:\/\/www.autismus-niedersachsen.de\/index.php?rest_route=\/wp\/v2\/types\/page"}],"author":[{"embeddable":true,"href":"https:\/\/www.autismus-niedersachsen.de\/index.php?rest_route=\/wp\/v2\/users\/1"}],"replies":[{"embeddable":true,"href":"https:\/\/www.autismus-niedersachsen.de\/index.php?rest_route=%2Fwp%2Fv2%2Fcomments&post=784"}],"version-history":[{"count":0,"href":"https:\/\/www.autismus-niedersachsen.de\/index.php?rest_route=\/wp\/v2\/pages\/784\/revisions"}],"up":[{"embeddable":true,"href":"https:\/\/www.autismus-niedersachsen.de\/index.php?rest_route=\/wp\/v2\/pages\/344"}],"wp:attachment":[{"href":"https:\/\/www.autismus-niedersachsen.de\/index.php?rest_route=%2Fwp%2Fv2%2Fmedia&parent=784"}],"curies":[{"name":"wp","href":"https:\/\/api.w.org\/{rel}","templated":true}]}}